{"id":1345,"date":"2022-03-23T18:25:05","date_gmt":"2022-03-23T18:25:05","guid":{"rendered":"http:\/\/see-marketing.de\/kunde-prio\/?page_id=1345"},"modified":"2025-07-24T17:07:26","modified_gmt":"2025-07-24T17:07:26","slug":"kontakt_impressum","status":"publish","type":"page","link":"https:\/\/see-marketing.de\/kunde-prio\/kontakt_impressum\/","title":{"rendered":"Kontakt und Impressum"},"content":{"rendered":"<p>[et_pb_section fb_built=&#8220;1&#8243; admin_label=&#8220;Kontaktdaten&#8220; _builder_version=&#8220;4.16&#8243; _module_preset=&#8220;default&#8220; background_color=&#8220;#2e2e2e&#8220; saved_tabs=&#8220;all&#8220; locked=&#8220;off&#8220; global_colors_info=&#8220;{}&#8220;][et_pb_row _builder_version=&#8220;4.16&#8243; background_size=&#8220;initial&#8220; background_position=&#8220;top_left&#8220; background_repeat=&#8220;repeat&#8220; background_blend=&#8220;multiply&#8220; custom_padding=&#8220;|||&#8220; animation_direction=&#8220;top&#8220; global_colors_info=&#8220;{}&#8220;][et_pb_column type=&#8220;4_4&#8243; _builder_version=&#8220;4.16&#8243; custom_padding=&#8220;|||&#8220; global_colors_info=&#8220;{}&#8220; custom_padding__hover=&#8220;|||&#8220;][et_pb_text _builder_version=&#8220;4.16&#8243; _module_preset=&#8220;default&#8220; header_font=&#8220;|||on|||||&#8220; header_text_align=&#8220;center&#8220; header_text_color=&#8220;#B99D5E&#8220; header_font_size=&#8220;36px&#8220; header_letter_spacing=&#8220;1px&#8220; header_line_height=&#8220;1.4em&#8220; header_font_size_tablet=&#8220;24px&#8220; header_font_size_phone=&#8220;18px&#8220; header_font_size_last_edited=&#8220;on|phone&#8220; global_colors_info=&#8220;{}&#8220;]<\/p>\n<h1>Kontakt \/ Impressum<\/h1>\n<p>[\/et_pb_text][\/et_pb_column][\/et_pb_row][et_pb_row column_structure=&#8220;1_4,1_2,1_4&#8243; use_custom_gutter=&#8220;on&#8220; gutter_width=&#8220;4&#8243; disabled_on=&#8220;on|on|off&#8220; admin_label=&#8220;Kontaktdaten, au\u00dfer Handy&#8220; _builder_version=&#8220;4.16&#8243; _module_preset=&#8220;default&#8220; background_color=&#8220;#404040&#8243; max_width=&#8220;1360px&#8220; custom_margin=&#8220;50px|auto||auto||&#8220; custom_padding=&#8220;|10px||10px|false|true&#8220; border_width_all=&#8220;1px&#8220; border_color_all=&#8220;#7C7360&#8243; box_shadow_style=&#8220;preset1&#8243; global_colors_info=&#8220;{}&#8220;][et_pb_column type=&#8220;1_4&#8243; _builder_version=&#8220;4.16&#8243; _module_preset=&#8220;default&#8220; global_colors_info=&#8220;{}&#8220;][et_pb_blurb title=&#8220;Telefon&#8220; use_icon=&#8220;on&#8220; font_icon=&#8220;&#xe090;||divi||400&#8243; icon_color=&#8220;#BCA274&#8243; image_icon_width=&#8220;32px&#8220; _builder_version=&#8220;4.16&#8243; _module_preset=&#8220;20c40ba4-909d-4834-a9fb-9de1fd8d3c78&#8243; header_font=&#8220;|700||on|||||&#8220; header_text_color=&#8220;#BCA274&#8243; header_font_size=&#8220;20px&#8220; header_letter_spacing=&#8220;2px&#8220; header_line_height=&#8220;1.4em&#8220; body_font=&#8220;||||||||&#8220; body_text_color=&#8220;#FBF5E9&#8243; body_line_height=&#8220;1.4em&#8220; body_link_text_color=&#8220;#B99D5E&#8220; text_orientation=&#8220;center&#8220; background_layout=&#8220;dark&#8220; custom_margin=&#8220;||90px|||&#8220; header_font_size_tablet=&#8220;18px&#8220; header_font_size_phone=&#8220;18px&#8220; header_font_size_last_edited=&#8220;on|tablet&#8220; body_font_size_tablet=&#8220;25px&#8220; body_font_size_phone=&#8220;20px&#8220; body_font_size_last_edited=&#8220;on|phone&#8220; icon_font_size=&#8220;32px&#8220; global_colors_info=&#8220;{}&#8220;]<\/p>\n<p>07532 \/ 44 64 04<br \/>und<br \/>0151 42 45 04 55<\/p>\n<p>[\/et_pb_blurb][et_pb_blurb title=&#8220;E-Mail&#8220; use_icon=&#8220;on&#8220; font_icon=&#8220;&#xe076;||divi||400&#8243; icon_color=&#8220;#BCA274&#8243; image_icon_width=&#8220;32px&#8220; _builder_version=&#8220;4.16&#8243; _module_preset=&#8220;20c40ba4-909d-4834-a9fb-9de1fd8d3c78&#8243; header_font=&#8220;|700||on|||||&#8220; header_text_color=&#8220;#BCA274&#8243; header_font_size=&#8220;20px&#8220; header_letter_spacing=&#8220;2px&#8220; header_line_height=&#8220;1.4em&#8220; body_font=&#8220;||||||||&#8220; body_text_color=&#8220;#FBF5E9&#8243; body_line_height=&#8220;1.4em&#8220; body_link_font=&#8220;||||||||&#8220; body_link_text_color=&#8220;#B99D5E&#8220; body_ul_font=&#8220;||||||||&#8220; body_ul_text_color=&#8220;#FBF5E9&#8243; text_orientation=&#8220;center&#8220; background_layout=&#8220;dark&#8220; header_font_size_tablet=&#8220;18px&#8220; header_font_size_phone=&#8220;18px&#8220; header_font_size_last_edited=&#8220;on|tablet&#8220; body_font_size_tablet=&#8220;25px&#8220; body_font_size_phone=&#8220;20px&#8220; body_font_size_last_edited=&#8220;on|phone&#8220; icon_font_size=&#8220;32px&#8220; locked=&#8220;off&#8220; global_colors_info=&#8220;{}&#8220;]<\/p>\n<p><a href=\"mailto:kaindl@see-marketing.de\">kaindl@see-marketing.de<\/a><\/p>\n<p>[\/et_pb_blurb][\/et_pb_column][et_pb_column type=&#8220;1_2&#8243; _builder_version=&#8220;4.16&#8243; _module_preset=&#8220;default&#8220; global_colors_info=&#8220;{}&#8220;][et_pb_image src=&#8220;http:\/\/see-marketing.de\/kunde-prio\/wp-content\/uploads\/mk_seemarketing_fuer-dunklen-hg-1.png&#8220; title_text=&#8220;mk_seemarketing_fuer-dunklen-hg&#8220; _builder_version=&#8220;4.23.1&#8243; _module_preset=&#8220;default&#8220; global_colors_info=&#8220;{}&#8220;][\/et_pb_image][et_pb_text _builder_version=&#8220;4.23.1&#8243; _module_preset=&#8220;default&#8220; header_2_font=&#8220;|||on|||||&#8220; header_2_text_align=&#8220;center&#8220; header_2_text_color=&#8220;#B99D5E&#8220; header_2_font_size=&#8220;16px&#8220; global_colors_info=&#8220;{}&#8220;]<\/p>\n<h2>Website-Erstellung, Autoren-Coaching, Portr\u00e4t- und Business-Fotografie, Workshops<\/h2>\n<p>[\/et_pb_text][et_pb_text _builder_version=&#8220;4.16&#8243; _module_preset=&#8220;default&#8220; text_text_color=&#8220;#FBF5E9&#8243; text_orientation=&#8220;center&#8220; custom_padding=&#8220;77px||50px||false|false&#8220; global_colors_info=&#8220;{}&#8220;]<\/p>\n<p>Vertretungsberechtigte (V.i.S.d.P.) Marianne Kaindl M.A.<br \/>USt.-IdNr. DE212611694<\/p>\n<p>[\/et_pb_text][\/et_pb_column][et_pb_column type=&#8220;1_4&#8243; _builder_version=&#8220;4.16&#8243; _module_preset=&#8220;default&#8220; global_colors_info=&#8220;{}&#8220;][et_pb_blurb title=&#8220;Adresse&#8220; use_icon=&#8220;on&#8220; font_icon=&#8220;&#xe074;||divi||400&#8243; icon_color=&#8220;#BCA274&#8243; image_icon_width=&#8220;32px&#8220; _builder_version=&#8220;4.16&#8243; _module_preset=&#8220;20c40ba4-909d-4834-a9fb-9de1fd8d3c78&#8243; header_font=&#8220;|700||on|||||&#8220; header_text_color=&#8220;#BCA274&#8243; header_font_size=&#8220;18px&#8220; header_letter_spacing=&#8220;2px&#8220; header_line_height=&#8220;1.4em&#8220; body_font=&#8220;||||||||&#8220; body_text_color=&#8220;#FBF5E9&#8243; body_line_height=&#8220;1.4em&#8220; body_link_text_color=&#8220;#000000&#8243; text_orientation=&#8220;center&#8220; background_layout=&#8220;dark&#8220; custom_margin=&#8220;||117px|||&#8220; header_font_size_tablet=&#8220;18px&#8220; header_font_size_phone=&#8220;18px&#8220; header_font_size_last_edited=&#8220;on|desktop&#8220; body_font_size_tablet=&#8220;25px&#8220; body_font_size_phone=&#8220;20px&#8220; body_font_size_last_edited=&#8220;on|phone&#8220; icon_font_size=&#8220;32px&#8220; locked=&#8220;off&#8220; global_colors_info=&#8220;{}&#8220;]<\/p>\n<p>Winzerweg 1<br \/>88719 Stetten b. Meersburg<\/p>\n<p>[\/et_pb_blurb][et_pb_blurb title=&#8220;Websites&#8220; use_icon=&#8220;on&#8220; font_icon=&#8220;&#xf0ac;||fa||900&#8243; icon_color=&#8220;#BCA274&#8243; image_icon_width=&#8220;32px&#8220; _builder_version=&#8220;4.16&#8243; _module_preset=&#8220;20c40ba4-909d-4834-a9fb-9de1fd8d3c78&#8243; header_font=&#8220;|700||on|||||&#8220; header_text_color=&#8220;#BCA274&#8243; header_font_size=&#8220;20px&#8220; header_letter_spacing=&#8220;2px&#8220; header_line_height=&#8220;1.4em&#8220; body_font=&#8220;||||||||&#8220; body_text_color=&#8220;#000000&#8243; body_line_height=&#8220;1.4em&#8220; body_link_font=&#8220;||||||||&#8220; body_link_text_color=&#8220;#B99D5E&#8220; text_orientation=&#8220;center&#8220; background_layout=&#8220;dark&#8220; header_font_size_tablet=&#8220;18px&#8220; header_font_size_phone=&#8220;18px&#8220; header_font_size_last_edited=&#8220;on|tablet&#8220; body_font_size_tablet=&#8220;25px&#8220; body_font_size_phone=&#8220;20px&#8220; body_font_size_last_edited=&#8220;on|phone&#8220; icon_font_size=&#8220;32px&#8220; global_colors_info=&#8220;{}&#8220;]<\/p>\n<p><a href=\"http:\/\/see-marketing.de\/kunde-prio\">www.marianne-kaindl.de<\/a><br \/><a href=\"https:\/\/see-marketing.de\" target=\"_blank\" rel=\"noopener\">www.see-marketing.de<\/a><\/p>\n<p>[\/et_pb_blurb][\/et_pb_column][\/et_pb_row][et_pb_row use_custom_gutter=&#8220;on&#8220; gutter_width=&#8220;4&#8243; disabled_on=&#8220;off|off|on&#8220; admin_label=&#8220;Kontaktdaten Handy&#8220; _builder_version=&#8220;4.16&#8243; _module_preset=&#8220;default&#8220; max_width=&#8220;1360px&#8220; global_colors_info=&#8220;{}&#8220;][et_pb_column type=&#8220;4_4&#8243; _builder_version=&#8220;4.16&#8243; _module_preset=&#8220;default&#8220; global_colors_info=&#8220;{}&#8220;][et_pb_text _builder_version=&#8220;4.23.1&#8243; _module_preset=&#8220;default&#8220; header_2_font=&#8220;|||on|||||&#8220; header_2_text_align=&#8220;center&#8220; header_2_text_color=&#8220;#B99D5E&#8220; header_2_font_size=&#8220;16px&#8220; global_colors_info=&#8220;{}&#8220;]<\/p>\n<h2>Website-Erstellung, Autoren-Coaching, Portr\u00e4t- und Business-Fotografie, Workshops<\/h2>\n<p>[\/et_pb_text][et_pb_blurb title=&#8220;Telefon&#8220; use_icon=&#8220;on&#8220; font_icon=&#8220;&#xe090;||divi||400&#8243; icon_color=&#8220;#BCA274&#8243; image_icon_width=&#8220;32px&#8220; _builder_version=&#8220;4.16&#8243; _module_preset=&#8220;20c40ba4-909d-4834-a9fb-9de1fd8d3c78&#8243; header_font=&#8220;|700||on|||||&#8220; header_text_color=&#8220;#BCA274&#8243; header_font_size=&#8220;20px&#8220; header_letter_spacing=&#8220;5px&#8220; header_line_height=&#8220;1.4em&#8220; body_font=&#8220;||||||||&#8220; body_text_color=&#8220;#FBF5E9&#8243; body_line_height=&#8220;1.4em&#8220; body_link_text_color=&#8220;#B99D5E&#8220; text_orientation=&#8220;center&#8220; background_layout=&#8220;dark&#8220; body_font_size_tablet=&#8220;25px&#8220; body_font_size_phone=&#8220;20px&#8220; body_font_size_last_edited=&#8220;on|phone&#8220; icon_font_size=&#8220;32px&#8220; global_colors_info=&#8220;{}&#8220;]<\/p>\n<p><a href=\"tel:07532446404\">07532 \/ 44 64 04<\/a> und <a href=\"tel:015142450455\">0151 42 45 04 55<\/a><\/p>\n<p>[\/et_pb_blurb][et_pb_blurb title=&#8220;Websites&#8220; use_icon=&#8220;on&#8220; font_icon=&#8220;&#xe074;||divi||400&#8243; icon_color=&#8220;#BCA274&#8243; image_icon_width=&#8220;32px&#8220; _builder_version=&#8220;4.27.4&#8243; _module_preset=&#8220;20c40ba4-909d-4834-a9fb-9de1fd8d3c78&#8243; header_font=&#8220;|700||on|||||&#8220; header_text_color=&#8220;#BCA274&#8243; header_font_size=&#8220;20px&#8220; header_letter_spacing=&#8220;5px&#8220; header_line_height=&#8220;1.4em&#8220; body_font=&#8220;||||||||&#8220; body_text_color=&#8220;#000000&#8243; body_line_height=&#8220;1.4em&#8220; body_link_font=&#8220;||||||||&#8220; body_link_text_color=&#8220;#B99D5E&#8220; text_orientation=&#8220;center&#8220; background_layout=&#8220;dark&#8220; hover_enabled=&#8220;0&#8243; body_font_size_tablet=&#8220;25px&#8220; body_font_size_phone=&#8220;20px&#8220; body_font_size_last_edited=&#8220;on|phone&#8220; icon_font_size=&#8220;32px&#8220; global_colors_info=&#8220;{}&#8220; sticky_enabled=&#8220;0&#8243;]<\/p>\n<p><a href=\"https:\/\/see-marketing.de\" target=\"_blank\" rel=\"noopener\">www.see-marketing.de<\/a><br \/><a href=\"https:\/\/www.autoren-kurse.de\">www.autoren-kurse.de<\/a><br \/><a href=\"http:\/\/see-marketing.de\/kunde-prio\/\">www.marianne-kaindl.de<\/a><\/p>\n<p>[\/et_pb_blurb][et_pb_blurb title=&#8220;E-Mail&#8220; use_icon=&#8220;on&#8220; font_icon=&#8220;&#xe076;||divi||400&#8243; icon_color=&#8220;#BCA274&#8243; image_icon_width=&#8220;32px&#8220; _builder_version=&#8220;4.16&#8243; _module_preset=&#8220;20c40ba4-909d-4834-a9fb-9de1fd8d3c78&#8243; header_font=&#8220;|700||on|||||&#8220; header_text_color=&#8220;#BCA274&#8243; header_font_size=&#8220;20px&#8220; header_letter_spacing=&#8220;5px&#8220; header_line_height=&#8220;1.4em&#8220; body_font=&#8220;||||||||&#8220; body_text_color=&#8220;#FBF5E9&#8243; body_line_height=&#8220;1.4em&#8220; body_link_font=&#8220;||||||||&#8220; body_link_text_color=&#8220;#B99D5E&#8220; body_ul_font=&#8220;||||||||&#8220; body_ul_text_color=&#8220;#FBF5E9&#8243; text_orientation=&#8220;center&#8220; background_layout=&#8220;dark&#8220; body_font_size_tablet=&#8220;25px&#8220; body_font_size_phone=&#8220;20px&#8220; body_font_size_last_edited=&#8220;on|phone&#8220; icon_font_size=&#8220;32px&#8220; locked=&#8220;off&#8220; global_colors_info=&#8220;{}&#8220;]<\/p>\n<p><a href=\"mailto:kaindl@see-marketing.de\">kaindl@see-marketing.de<\/a><\/p>\n<p>[\/et_pb_blurb][et_pb_blurb title=&#8220;Adresse&#8220; use_icon=&#8220;on&#8220; font_icon=&#8220;&#xe074;||divi||400&#8243; icon_color=&#8220;#BCA274&#8243; image_icon_width=&#8220;32px&#8220; _builder_version=&#8220;4.16&#8243; _module_preset=&#8220;20c40ba4-909d-4834-a9fb-9de1fd8d3c78&#8243; header_font=&#8220;|700||on|||||&#8220; header_text_color=&#8220;#BCA274&#8243; header_font_size=&#8220;20px&#8220; header_letter_spacing=&#8220;5px&#8220; header_line_height=&#8220;1.4em&#8220; body_font=&#8220;||||||||&#8220; body_text_color=&#8220;#FBF5E9&#8243; body_line_height=&#8220;1.4em&#8220; body_link_text_color=&#8220;#000000&#8243; text_orientation=&#8220;center&#8220; background_layout=&#8220;dark&#8220; body_font_size_tablet=&#8220;25px&#8220; body_font_size_phone=&#8220;20px&#8220; body_font_size_last_edited=&#8220;on|phone&#8220; icon_font_size=&#8220;32px&#8220; locked=&#8220;off&#8220; global_colors_info=&#8220;{}&#8220;]<\/p>\n<p>Winzerweg 1<br \/>88719 Stetten b. Meersburg<\/p>\n<p>[\/et_pb_blurb][et_pb_text _builder_version=&#8220;4.16&#8243; _module_preset=&#8220;default&#8220; text_text_color=&#8220;#FBF5E9&#8243; text_orientation=&#8220;center&#8220; custom_padding=&#8220;77px||50px||false|false&#8220; global_colors_info=&#8220;{}&#8220;]<\/p>\n<p>Vertretungsberechtigte (V.i.S.d.P.) Marianne Kaindl M.A.<br \/>USt.-IdNr. DE212611694<\/p>\n<p>[\/et_pb_text][\/et_pb_column][\/et_pb_row][\/et_pb_section][et_pb_section fb_built=&#8220;1&#8243; disabled_on=&#8220;on|on|on&#8220; admin_label=&#8220;Service Section&#8220; _builder_version=&#8220;4.16&#8243; background_color=&#8220;#2e2e2e&#8220; custom_margin=&#8220;|||&#8220; custom_padding=&#8220;5px||5px|||&#8220; disabled=&#8220;on&#8220; global_colors_info=&#8220;{}&#8220;][et_pb_row column_structure=&#8220;1_2,1_2&#8243; _builder_version=&#8220;4.16&#8243; background_size=&#8220;initial&#8220; background_position=&#8220;top_left&#8220; background_repeat=&#8220;repeat&#8220; global_colors_info=&#8220;{}&#8220;][et_pb_column type=&#8220;1_2&#8243; _builder_version=&#8220;4.16&#8243; custom_padding=&#8220;|||&#8220; global_colors_info=&#8220;{}&#8220; custom_padding__hover=&#8220;|||&#8220;][et_pb_image src=&#8220;http:\/\/see-marketing.de\/kunde-prio\/wp-content\/uploads\/mein-haus.jpg&#8220; alt=&#8220;Meine R\u00e4ume in Stetten bei Meersburg am Bodensee&#8220; title_text=&#8220;Meine R\u00e4ume in Stetten bei Meersburg am Bodensee&#8220; align_tablet=&#8220;center&#8220; align_phone=&#8220;&#8220; align_last_edited=&#8220;on|desktop&#8220; _builder_version=&#8220;4.16&#8243; global_colors_info=&#8220;{}&#8220;]<br \/>\n[\/et_pb_image][\/et_pb_column][et_pb_column type=&#8220;1_2&#8243; _builder_version=&#8220;4.16&#8243; _module_preset=&#8220;default&#8220; global_colors_info=&#8220;{}&#8220;][et_pb_text _builder_version=&#8220;4.16&#8243; link_text_color=&#8220;#B99D5E&#8220; header_2_font=&#8220;Montserrat|500||on|||||&#8220; header_2_text_color=&#8220;#fcd21d&#8220; header_2_font_size=&#8220;28px&#8220; header_3_font=&#8220;|||on|||||&#8220; header_3_text_align=&#8220;left&#8220; header_3_text_color=&#8220;#B99D5E&#8220; header_3_line_height=&#8220;1.5em&#8220; background_layout=&#8220;dark&#8220; header_2_font_size_tablet=&#8220;&#8220; header_2_font_size_phone=&#8220;20px&#8220; header_2_font_size_last_edited=&#8220;on|phone&#8220; global_colors_info=&#8220;{}&#8220;]<\/p>\n<h3>Ihr Weg zu mir &#8230;<\/h3>\n<p>[\/et_pb_text][et_pb_text _builder_version=&#8220;4.16&#8243; text_text_color=&#8220;#FBF5E9&#8243; link_text_color=&#8220;#B99D5E&#8220; global_colors_info=&#8220;{}&#8220;]<\/p>\n<p>Klicken Sie hier und \u00f6ffnen Sie <a href=\"https:\/\/goo.gl\/maps\/F4TkHSUNmKp\" target=\"_blank\" rel=\"noopener noreferrer\"> Google Maps mit \u00a0dem Routenplaner<\/a>.<br \/>F\u00fcr die Nutzung von Google Maps \u00fcber diesen Link beachten Sie bitte meine <a href=\"http:\/\/see-marketing.de\/kunde-prio\/datenschutzerklaerung-2\/\" target=\"_blank\" rel=\"noopener noreferrer\">Datenschutzerkl\u00e4rung.<\/a><\/p>\n<p>[\/et_pb_text][\/et_pb_column][\/et_pb_row][\/et_pb_section][et_pb_section fb_built=&#8220;1&#8243; _builder_version=&#8220;4.16&#8243; background_color=&#8220;#2e2e2e&#8220; custom_padding=&#8220;103px||129px|||&#8220; global_colors_info=&#8220;{}&#8220;][et_pb_row _builder_version=&#8220;4.16&#8243; background_color=&#8220;#404040&#8243; background_size=&#8220;initial&#8220; background_position=&#8220;top_left&#8220; background_repeat=&#8220;repeat&#8220; custom_padding=&#8220;50px|50px|50px|50px|true|true&#8220; border_width_all=&#8220;1px&#8220; border_color_all=&#8220;#7C7360&#8243; box_shadow_style=&#8220;preset1&#8243; box_shadow_color=&#8220;rgba(0,0,0,0.49)&#8220; global_colors_info=&#8220;{}&#8220;][et_pb_column type=&#8220;4_4&#8243; _builder_version=&#8220;4.16&#8243; custom_padding=&#8220;|||&#8220; global_colors_info=&#8220;{}&#8220; custom_padding__hover=&#8220;|||&#8220;][et_pb_text admin_label=&#8220;Copyright \/ Bildnachweis&#8220; _builder_version=&#8220;4.27.4&#8243; text_text_color=&#8220;#FBF5E9&#8243; link_text_color=&#8220;#B99D5E&#8220; header_2_font=&#8220;Montserrat|||on|||||&#8220; header_2_text_color=&#8220;#ce1e2a&#8220; header_3_font=&#8220;|||on|||||&#8220; header_3_text_align=&#8220;left&#8220; header_3_text_color=&#8220;#B99D5E&#8220; header_3_line_height=&#8220;1.4em&#8220; background_size=&#8220;initial&#8220; background_position=&#8220;top_left&#8220; background_repeat=&#8220;repeat&#8220; hover_enabled=&#8220;0&#8243; header_2_font_size_tablet=&#8220;&#8220; header_2_font_size_phone=&#8220;20px&#8220; header_2_font_size_last_edited=&#8220;on|phone&#8220; z_index_tablet=&#8220;500&#8243; border_color_all=&#8220;#ffffff&#8220; use_border_color=&#8220;off&#8220; global_colors_info=&#8220;{}&#8220; sticky_enabled=&#8220;0&#8243;]<\/p>\n<h3>Copyright:<\/h3>\n<p>Fotos und Texte dieser Website unterliegen dem Copyright.<\/p>\n<p>Wenn Sie Texte oder Fotos meiner Site verwenden m\u00f6chten, <a href=\"mailto:kaindl@see-marketing.de\">erfragen Sie bitte unbedingt die Nutzungsbedingungen!<\/a><\/p>\n<p>&nbsp;<\/p>\n<h3>Bildnachweis:<\/h3>\n<p>Die Fotos, die ich Ihnen in den Galerien und als Arbeitsnachweise zeige, habe selbstverst\u00e4ndlich alle ich aufgenommen und bearbeitet; sie zeigen Ihnen meine \u00c4sthetik und meinen Stil.<\/p>\n<p>Portr\u00e4ts von mir: Elke Sckell, Postproduction: Marianne Kaindl &#8211; Selbstportr\u00e4t<\/p>\n<p><span class=\"attribution_field \"><span>Jan Va\u0161ek<\/span><\/span> &#8211; pixabay<\/p>\n<p>Jenko Ataman &#8211; stock.adobe.com<\/p>\n<p>&nbsp;<\/p>\n<h3>Links auf meiner Website:<\/h3>\n<p>Ich weise darauf hin, dass ich keinen Einfluss auf Websites habe, auf die ich verlinkt habe. Deshalb kann ich\u00a0keine Verantwortung\u00a0f\u00fcr die Inhalte dieser Sites \u00fcbernehmen.<\/p>\n<p>Ich habe die\u00a0Links selbstverst\u00e4ndlich gr\u00fcndlich gepr\u00fcft,\u00a0doch kommt es nat\u00fcrlich vor, dass Sitebetreiber ihre Inhalte \u00e4ndern.\u00a0Sollten Sie einen fragw\u00fcrdigen oder nicht mehr funktionierenden Link\u00a0entdecken, bitte ich\u00a0um eine kurze <a href=\"mailto:kaindl@see-marketing.de?subject=Link%20auf%20Ihrer%20Website\">E-Mail<\/a>.<\/p>\n<p>&nbsp;<\/p>\n<p>Ich bin nicht bereit oder verpflichtet, an Streitbeilegungsverfahren vor einer Verbraucherschlichtungsstelle teilzunehmen.<\/p>\n<p>[\/et_pb_text][\/et_pb_column][\/et_pb_row][\/et_pb_section]<\/p>\n","protected":false},"excerpt":{"rendered":"<p>Kontakt \/ Impressum07532 \/ 44 64 04und0151 42 45 04 55kaindl@see-marketing.deWebsite-Erstellung, Autoren-Coaching, Portr\u00e4t- und Business-Fotografie, WorkshopsVertretungsberechtigte (V.i.S.d.P.) Marianne Kaindl M.A.USt.-IdNr. DE212611694Winzerweg 188719 Stetten b. Meersburgwww.marianne-kaindl.dewww.see-marketing.deWebsite-Erstellung, Autoren-Coaching, Portr\u00e4t- und Business-Fotografie, Workshops07532 \/ 44 64 04 und 0151 42 45 04 55www.see-marketing.dewww.autoren-kurse.dewww.marianne-kaindl.dekaindl@see-marketing.deWinzerweg 188719 Stetten b. MeersburgVertretungsberechtigte (V.i.S.d.P.) Marianne Kaindl M.A.USt.-IdNr. DE212611694 Ihr Weg zu mir &#8230;Klicken Sie [&hellip;]<\/p>\n","protected":false},"author":7,"featured_media":0,"parent":0,"menu_order":0,"comment_status":"closed","ping_status":"closed","template":"","meta":{"_et_pb_use_builder":"on","_et_pb_old_content":"","_et_gb_content_width":"","footnotes":""},"class_list":["post-1345","page","type-page","status-publish","hentry"],"yoast_head":"<!-- This site is optimized with the Yoast SEO plugin v27.1.1 - https:\/\/yoast.com\/product\/yoast-seo-wordpress\/ -->\n<title>Kontakt und Impressum | See-Marketing - Autoren-Coaching, Website-Erstellung, Portr\u00e4t-und Business-Fotografie, Workshops<\/title>\n<meta name=\"description\" content=\"Kontaktdaten und Impressum von Hotelfotografin und Tourismusfotografin Marianne Kaindl\" \/>\n<meta name=\"robots\" content=\"index, follow, max-snippet:-1, max-image-preview:large, max-video-preview:-1\" \/>\n<link rel=\"canonical\" href=\"https:\/\/see-marketing.de\/kunde-prio\/kontakt_impressum\/\" \/>\n<meta property=\"og:locale\" content=\"de_DE\" \/>\n<meta property=\"og:type\" content=\"article\" \/>\n<meta property=\"og:title\" content=\"Kontakt und Impressum | See-Marketing - Autoren-Coaching, Website-Erstellung, Portr\u00e4t-und Business-Fotografie, Workshops\" \/>\n<meta property=\"og:description\" content=\"Kontaktdaten und Impressum von Hotelfotografin und Tourismusfotografin Marianne Kaindl\" \/>\n<meta property=\"og:url\" content=\"https:\/\/see-marketing.de\/kunde-prio\/kontakt_impressum\/\" \/>\n<meta property=\"og:site_name\" content=\"See-Marketing - Autoren-Coaching, Website-Erstellung, Portr\u00e4t-und Business-Fotografie, Workshops\" \/>\n<meta property=\"article:publisher\" content=\"https:\/\/www.facebook.com\/marianne.kaindl\" \/>\n<meta property=\"article:modified_time\" content=\"2025-07-24T17:07:26+00:00\" \/>\n<meta name=\"twitter:card\" content=\"summary_large_image\" \/>\n<meta name=\"twitter:label1\" content=\"Gesch\u00e4tzte Lesezeit\" \/>\n\t<meta name=\"twitter:data1\" content=\"10\u00a0Minuten\" \/>\n<script type=\"application\/ld+json\" class=\"yoast-schema-graph\">{\"@context\":\"https:\/\/schema.org\",\"@graph\":[{\"@type\":\"WebPage\",\"@id\":\"https:\/\/see-marketing.de\/kunde-prio\/kontakt_impressum\/\",\"url\":\"https:\/\/see-marketing.de\/kunde-prio\/kontakt_impressum\/\",\"name\":\"Kontakt und Impressum | See-Marketing - Autoren-Coaching, Website-Erstellung, Portr\u00e4t-und Business-Fotografie, Workshops\",\"isPartOf\":{\"@id\":\"https:\/\/see-marketing.de\/kunde-prio\/#website\"},\"datePublished\":\"2022-03-23T18:25:05+00:00\",\"dateModified\":\"2025-07-24T17:07:26+00:00\",\"description\":\"Kontaktdaten und Impressum von Hotelfotografin und Tourismusfotografin Marianne Kaindl\",\"breadcrumb\":{\"@id\":\"https:\/\/see-marketing.de\/kunde-prio\/kontakt_impressum\/#breadcrumb\"},\"inLanguage\":\"de\",\"potentialAction\":[{\"@type\":\"ReadAction\",\"target\":[\"https:\/\/see-marketing.de\/kunde-prio\/kontakt_impressum\/\"]}]},{\"@type\":\"BreadcrumbList\",\"@id\":\"https:\/\/see-marketing.de\/kunde-prio\/kontakt_impressum\/#breadcrumb\",\"itemListElement\":[{\"@type\":\"ListItem\",\"position\":1,\"name\":\"Startseite\",\"item\":\"https:\/\/see-marketing.de\/kunde-prio\/\"},{\"@type\":\"ListItem\",\"position\":2,\"name\":\"Kontakt und Impressum\"}]},{\"@type\":\"WebSite\",\"@id\":\"https:\/\/see-marketing.de\/kunde-prio\/#website\",\"url\":\"https:\/\/see-marketing.de\/kunde-prio\/\",\"name\":\"See-Marketing - Autoren-Coaching, Website-Erstellung, Portr\u00e4t-und Business-Fotografie, Workshops\",\"description\":\"Werbeagentur f\u00fcr Autorinnen und Autoren, Handwerk, Tourismus und Soloselbstst\u00e4ndige\",\"publisher\":{\"@id\":\"https:\/\/see-marketing.de\/kunde-prio\/#organization\"},\"potentialAction\":[{\"@type\":\"SearchAction\",\"target\":{\"@type\":\"EntryPoint\",\"urlTemplate\":\"https:\/\/see-marketing.de\/kunde-prio\/?s={search_term_string}\"},\"query-input\":{\"@type\":\"PropertyValueSpecification\",\"valueRequired\":true,\"valueName\":\"search_term_string\"}}],\"inLanguage\":\"de\"},{\"@type\":\"Organization\",\"@id\":\"https:\/\/see-marketing.de\/kunde-prio\/#organization\",\"name\":\"See-Marketing\",\"url\":\"https:\/\/see-marketing.de\/kunde-prio\/\",\"logo\":{\"@type\":\"ImageObject\",\"inLanguage\":\"de\",\"@id\":\"https:\/\/see-marketing.de\/kunde-prio\/#\/schema\/logo\/image\/\",\"url\":\"http:\/\/see-marketing.de\/kunde-prio\/wp-content\/uploads\/mk_seemarketing.png\",\"contentUrl\":\"http:\/\/see-marketing.de\/kunde-prio\/wp-content\/uploads\/mk_seemarketing.png\",\"width\":400,\"height\":100,\"caption\":\"See-Marketing\"},\"image\":{\"@id\":\"https:\/\/see-marketing.de\/kunde-prio\/#\/schema\/logo\/image\/\"},\"sameAs\":[\"https:\/\/www.facebook.com\/marianne.kaindl\"]}]}<\/script>\n<!-- \/ Yoast SEO plugin. -->","yoast_head_json":{"title":"Kontakt und Impressum | See-Marketing - Autoren-Coaching, Website-Erstellung, Portr\u00e4t-und Business-Fotografie, Workshops","description":"Kontaktdaten und Impressum von Hotelfotografin und Tourismusfotografin Marianne Kaindl","robots":{"index":"index","follow":"follow","max-snippet":"max-snippet:-1","max-image-preview":"max-image-preview:large","max-video-preview":"max-video-preview:-1"},"canonical":"https:\/\/see-marketing.de\/kunde-prio\/kontakt_impressum\/","og_locale":"de_DE","og_type":"article","og_title":"Kontakt und Impressum | See-Marketing - Autoren-Coaching, Website-Erstellung, Portr\u00e4t-und Business-Fotografie, Workshops","og_description":"Kontaktdaten und Impressum von Hotelfotografin und Tourismusfotografin Marianne Kaindl","og_url":"https:\/\/see-marketing.de\/kunde-prio\/kontakt_impressum\/","og_site_name":"See-Marketing - Autoren-Coaching, Website-Erstellung, Portr\u00e4t-und Business-Fotografie, Workshops","article_publisher":"https:\/\/www.facebook.com\/marianne.kaindl","article_modified_time":"2025-07-24T17:07:26+00:00","twitter_card":"summary_large_image","twitter_misc":{"Gesch\u00e4tzte Lesezeit":"10\u00a0Minuten"},"schema":{"@context":"https:\/\/schema.org","@graph":[{"@type":"WebPage","@id":"https:\/\/see-marketing.de\/kunde-prio\/kontakt_impressum\/","url":"https:\/\/see-marketing.de\/kunde-prio\/kontakt_impressum\/","name":"Kontakt und Impressum | See-Marketing - Autoren-Coaching, Website-Erstellung, Portr\u00e4t-und Business-Fotografie, Workshops","isPartOf":{"@id":"https:\/\/see-marketing.de\/kunde-prio\/#website"},"datePublished":"2022-03-23T18:25:05+00:00","dateModified":"2025-07-24T17:07:26+00:00","description":"Kontaktdaten und Impressum von Hotelfotografin und Tourismusfotografin Marianne Kaindl","breadcrumb":{"@id":"https:\/\/see-marketing.de\/kunde-prio\/kontakt_impressum\/#breadcrumb"},"inLanguage":"de","potentialAction":[{"@type":"ReadAction","target":["https:\/\/see-marketing.de\/kunde-prio\/kontakt_impressum\/"]}]},{"@type":"BreadcrumbList","@id":"https:\/\/see-marketing.de\/kunde-prio\/kontakt_impressum\/#breadcrumb","itemListElement":[{"@type":"ListItem","position":1,"name":"Startseite","item":"https:\/\/see-marketing.de\/kunde-prio\/"},{"@type":"ListItem","position":2,"name":"Kontakt und Impressum"}]},{"@type":"WebSite","@id":"https:\/\/see-marketing.de\/kunde-prio\/#website","url":"https:\/\/see-marketing.de\/kunde-prio\/","name":"See-Marketing - Autoren-Coaching, Website-Erstellung, Portr\u00e4t-und Business-Fotografie, Workshops","description":"Werbeagentur f\u00fcr Autorinnen und Autoren, Handwerk, Tourismus und Soloselbstst\u00e4ndige","publisher":{"@id":"https:\/\/see-marketing.de\/kunde-prio\/#organization"},"potentialAction":[{"@type":"SearchAction","target":{"@type":"EntryPoint","urlTemplate":"https:\/\/see-marketing.de\/kunde-prio\/?s={search_term_string}"},"query-input":{"@type":"PropertyValueSpecification","valueRequired":true,"valueName":"search_term_string"}}],"inLanguage":"de"},{"@type":"Organization","@id":"https:\/\/see-marketing.de\/kunde-prio\/#organization","name":"See-Marketing","url":"https:\/\/see-marketing.de\/kunde-prio\/","logo":{"@type":"ImageObject","inLanguage":"de","@id":"https:\/\/see-marketing.de\/kunde-prio\/#\/schema\/logo\/image\/","url":"http:\/\/see-marketing.de\/kunde-prio\/wp-content\/uploads\/mk_seemarketing.png","contentUrl":"http:\/\/see-marketing.de\/kunde-prio\/wp-content\/uploads\/mk_seemarketing.png","width":400,"height":100,"caption":"See-Marketing"},"image":{"@id":"https:\/\/see-marketing.de\/kunde-prio\/#\/schema\/logo\/image\/"},"sameAs":["https:\/\/www.facebook.com\/marianne.kaindl"]}]}},"_links":{"self":[{"href":"https:\/\/see-marketing.de\/kunde-prio\/wp-json\/wp\/v2\/pages\/1345","targetHints":{"allow":["GET"]}}],"collection":[{"href":"https:\/\/see-marketing.de\/kunde-prio\/wp-json\/wp\/v2\/pages"}],"about":[{"href":"https:\/\/see-marketing.de\/kunde-prio\/wp-json\/wp\/v2\/types\/page"}],"author":[{"embeddable":true,"href":"https:\/\/see-marketing.de\/kunde-prio\/wp-json\/wp\/v2\/users\/7"}],"replies":[{"embeddable":true,"href":"https:\/\/see-marketing.de\/kunde-prio\/wp-json\/wp\/v2\/comments?post=1345"}],"version-history":[{"count":3,"href":"https:\/\/see-marketing.de\/kunde-prio\/wp-json\/wp\/v2\/pages\/1345\/revisions"}],"predecessor-version":[{"id":7548,"href":"https:\/\/see-marketing.de\/kunde-prio\/wp-json\/wp\/v2\/pages\/1345\/revisions\/7548"}],"wp:attachment":[{"href":"https:\/\/see-marketing.de\/kunde-prio\/wp-json\/wp\/v2\/media?parent=1345"}],"curies":[{"name":"wp","href":"https:\/\/api.w.org\/{rel}","templated":true}]}}